{"version":"1.0","provider_name":"Diario Digital Femenino","provider_url":"https:\/\/diariofemenino.com.ar\/df","author_name":"Admin","author_url":"https:\/\/diariofemenino.com.ar\/df\/author\/adm18df\/","title":"Tob\u00edas, entre sus dos padres y la burocracia - Diario Digital Femenino","type":"rich","width":600,"height":338,"html":"<blockquote class=\"wp-embedded-content\" data-secret=\"myjFpqqHAx\"><a href=\"https:\/\/diariofemenino.com.ar\/df\/tobias-entre-sus-dos-padres-y-la-burocracia\/\">Tob\u00edas, entre sus dos padres y la burocracia<\/a><\/blockquote><iframe sandbox=\"allow-scripts\" security=\"restricted\" src=\"https:\/\/diariofemenino.com.ar\/df\/tobias-entre-sus-dos-padres-y-la-burocracia\/embed\/#?secret=myjFpqqHAx\" width=\"600\" height=\"338\" title=\"\u00abTob\u00edas, entre sus dos padres y la burocracia\u00bb \u2014 Diario Digital Femenino\" data-secret=\"myjFpqqHAx\" frameborder=\"0\" marginwidth=\"0\" marginheight=\"0\" scrolling=\"no\" class=\"wp-embedded-content\"><\/iframe><script type=\"text\/javascript\">\n\/* <![CDATA[ *\/\n\/*! This file is auto-generated *\/\n!function(d,l){\"use strict\";l.querySelector&&d.addEventListener&&\"undefined\"!=typeof URL&&(d.wp=d.wp||{},d.wp.receiveEmbedMessage||(d.wp.receiveEmbedMessage=function(e){var t=e.data;if((t||t.secret||t.message||t.value)&&!\/[^a-zA-Z0-9]\/.test(t.secret)){for(var s,r,n,a=l.querySelectorAll('iframe[data-secret=\"'+t.secret+'\"]'),o=l.querySelectorAll('blockquote[data-secret=\"'+t.secret+'\"]'),c=new RegExp(\"^https?:$\",\"i\"),i=0;i<o.length;i++)o[i].style.display=\"none\";for(i=0;i<a.length;i++)s=a[i],e.source===s.contentWindow&&(s.removeAttribute(\"style\"),\"height\"===t.message?(1e3<(r=parseInt(t.value,10))?r=1e3:~~r<200&&(r=200),s.height=r):\"link\"===t.message&&(r=new URL(s.getAttribute(\"src\")),n=new URL(t.value),c.test(n.protocol))&&n.host===r.host&&l.activeElement===s&&(d.top.location.href=t.value))}},d.addEventListener(\"message\",d.wp.receiveEmbedMessage,!1),l.addEventListener(\"DOMContentLoaded\",function(){for(var e,t,s=l.querySelectorAll(\"iframe.wp-embedded-content\"),r=0;r<s.length;r++)(t=(e=s[r]).getAttribute(\"data-secret\"))||(t=Math.random().toString(36).substring(2,12),e.src+=\"#?secret=\"+t,e.setAttribute(\"data-secret\",t)),e.contentWindow.postMessage({message:\"ready\",secret:t},\"*\")},!1)))}(window,document);\n\/\/# sourceURL=https:\/\/diariofemenino.com.ar\/df\/wp-includes\/js\/wp-embed.min.js\n\/* ]]> *\/\n<\/script>\n","description":"&nbsp; &nbsp; &nbsp; La pareja viaj\u00f3 a Nueva Delhi para el nacimiento. La Justicia en Buenos Aires ya hab\u00eda ordenado inscribir al beb\u00e9 como argentino. Pero ahora, en el consulado ponen trabas para hacerle el pasaporte. Y el matrimonio no puede volver al pa\u00eds con el ni\u00f1o. Alejandro Grinblat y Carlos Dermgerd, junto a su [&hellip;]","thumbnail_url":"http:\/\/www.diariofemenino.com.ar\/wp-content\/uploads\/na21fo01.jpg"}