{"version":"1.0","provider_name":"Diario Digital Femenino","provider_url":"https:\/\/diariofemenino.com.ar\/df","author_name":"Admin","author_url":"https:\/\/diariofemenino.com.ar\/df\/author\/adm18df\/","title":"Gualeguaych\u00fa: Violencia de G\u00e9nero. - Diario Digital Femenino","type":"rich","width":600,"height":338,"html":"<blockquote class=\"wp-embedded-content\" data-secret=\"eROU8xIBxs\"><a href=\"https:\/\/diariofemenino.com.ar\/df\/gualeguaychu-violencia-de-genero\/\">Gualeguaych\u00fa: Violencia de G\u00e9nero.<\/a><\/blockquote><iframe sandbox=\"allow-scripts\" security=\"restricted\" src=\"https:\/\/diariofemenino.com.ar\/df\/gualeguaychu-violencia-de-genero\/embed\/#?secret=eROU8xIBxs\" width=\"600\" height=\"338\" title=\"\u00abGualeguaych\u00fa: Violencia de G\u00e9nero.\u00bb \u2014 Diario Digital Femenino\" data-secret=\"eROU8xIBxs\" frameborder=\"0\" marginwidth=\"0\" marginheight=\"0\" scrolling=\"no\" class=\"wp-embedded-content\"><\/iframe><script type=\"text\/javascript\">\n\/* <![CDATA[ *\/\n\/*! This file is auto-generated *\/\n!function(d,l){\"use strict\";l.querySelector&&d.addEventListener&&\"undefined\"!=typeof URL&&(d.wp=d.wp||{},d.wp.receiveEmbedMessage||(d.wp.receiveEmbedMessage=function(e){var t=e.data;if((t||t.secret||t.message||t.value)&&!\/[^a-zA-Z0-9]\/.test(t.secret)){for(var s,r,n,a=l.querySelectorAll('iframe[data-secret=\"'+t.secret+'\"]'),o=l.querySelectorAll('blockquote[data-secret=\"'+t.secret+'\"]'),c=new RegExp(\"^https?:$\",\"i\"),i=0;i<o.length;i++)o[i].style.display=\"none\";for(i=0;i<a.length;i++)s=a[i],e.source===s.contentWindow&&(s.removeAttribute(\"style\"),\"height\"===t.message?(1e3<(r=parseInt(t.value,10))?r=1e3:~~r<200&&(r=200),s.height=r):\"link\"===t.message&&(r=new URL(s.getAttribute(\"src\")),n=new URL(t.value),c.test(n.protocol))&&n.host===r.host&&l.activeElement===s&&(d.top.location.href=t.value))}},d.addEventListener(\"message\",d.wp.receiveEmbedMessage,!1),l.addEventListener(\"DOMContentLoaded\",function(){for(var e,t,s=l.querySelectorAll(\"iframe.wp-embedded-content\"),r=0;r<s.length;r++)(t=(e=s[r]).getAttribute(\"data-secret\"))||(t=Math.random().toString(36).substring(2,12),e.src+=\"#?secret=\"+t,e.setAttribute(\"data-secret\",t)),e.contentWindow.postMessage({message:\"ready\",secret:t},\"*\")},!1)))}(window,document);\n\/\/# sourceURL=https:\/\/diariofemenino.com.ar\/df\/wp-includes\/js\/wp-embed.min.js\n\/* ]]> *\/\n<\/script>\n","thumbnail_url":"https:\/\/diariofemenino.com.ar\/df\/wp-content\/uploads\/2016\/10\/logo-negro.png","thumbnail_width":855,"thumbnail_height":319,"description":"&nbsp; &nbsp; &nbsp; La violencia de g\u00e9nero tiene que ver con la intimidaci\u00f3n que se ejerce hacia las mujeres, por el simple hecho de ser mujer, la cual puede manifestarse en forma f\u00edsica como asimismo psicol\u00f3gica. Ultimamente, ya no nos asombramos cuando nos informamos a trav\u00e9s de los medios de comunicaci\u00f3n, tanto escritos como televisivos, [&hellip;]"}